{"id":2944,"date":"2026-08-03T14:03:02","date_gmt":"2026-08-03T12:03:02","guid":{"rendered":"https:\/\/www.asteccucineprofessionali.com\/?page_id=2944"},"modified":"2026-09-03T08:46:55","modified_gmt":"2026-09-03T06:46:55","slug":"showcooking","status":"publish","type":"page","link":"https:\/\/www.asteccucineprofessionali.com\/index.php\/showcooking\/","title":{"rendered":"Showcooking"},"content":{"rendered":"\t\t<div data-elementor-type=\"wp-page\" data-elementor-id=\"2944\" class=\"elementor elementor-2944\" data-elementor-post-type=\"page\">\n\t\t\t\t<div class=\"elementor-element elementor-element-96f6f2d e-flex e-con-boxed e-con e-parent\" data-id=\"96f6f2d\" data-element_type=\"container\" data-settings=\"{&quot;background_background&quot;:&quot;classic&quot;}\">\n\t\t\t\t\t<div class=\"e-con-inner\">\n\t\t\t\t\t<\/div>\n\t\t\t\t<\/div>\n\t\t<div class=\"elementor-element elementor-element-2404538 e-flex e-con-boxed e-con e-parent\" data-id=\"2404538\" data-element_type=\"container\">\n\t\t\t\t\t<div class=\"e-con-inner\">\n\t\t\t\t<div class=\"elementor-element elementor-element-21c7d90 elementor-widget elementor-widget-heading\" data-id=\"21c7d90\" data-element_type=\"widget\" data-widget_type=\"heading.default\">\n\t\t\t\t<div class=\"elementor-widget-container\">\n\t\t\t\t\t<h1 class=\"elementor-heading-title elementor-size-default\">SHOWCOOKING ASTEC CUCINE PROFESSIONALI<\/h1>\t\t\t\t<\/div>\n\t\t\t\t<\/div>\n\t\t\t\t<div class=\"elementor-element elementor-element-978b3b7 elementor-widget elementor-widget-heading\" data-id=\"978b3b7\" data-element_type=\"widget\" data-widget_type=\"heading.default\">\n\t\t\t\t<div class=\"elementor-widget-container\">\n\t\t\t\t\t<h2 class=\"elementor-heading-title elementor-size-default\">Autunno 2026<\/h2>\t\t\t\t<\/div>\n\t\t\t\t<\/div>\n\t\t\t\t<div class=\"elementor-element elementor-element-853c17b elementor-widget elementor-widget-heading\" data-id=\"853c17b\" data-element_type=\"widget\" data-widget_type=\"heading.default\">\n\t\t\t\t<div class=\"elementor-widget-container\">\n\t\t\t\t\t<h2 class=\"elementor-heading-title elementor-size-default\">LA PARTECIPAZIONE AGLI EVENTI \u00c8 GRATUITA<\/h2>\t\t\t\t<\/div>\n\t\t\t\t<\/div>\n\t\t\t\t\t<\/div>\n\t\t\t\t<\/div>\n\t\t<div class=\"elementor-element elementor-element-0a80cf7 e-flex e-con-boxed e-con e-parent\" data-id=\"0a80cf7\" data-element_type=\"container\">\n\t\t\t\t\t<div class=\"e-con-inner\">\n\t\t\t\t<div class=\"elementor-element elementor-element-0d0a0d4 elementor-widget elementor-widget-text-editor\" data-id=\"0d0a0d4\" data-element_type=\"widget\" data-widget_type=\"text-editor.default\">\n\t\t\t\t<div class=\"elementor-widget-container\">\n\t\t\t\t\t\t\t\t\t<details style=\"background-color: #f9f9f9; border: 1px solid #e0e0e0; border-radius: 8px; padding: 14px 18px; margin-bottom: 12px; font-family: system-ui, -apple-system, sans-serif;\"><summary style=\"font-weight: 600; font-size: 1.05rem; color: #2c3e50; cursor: pointer; user-select: none;\">L&#8217;iscrizione \u00e8 obbligatoria?<\/summary><div style=\"margin-top: 10px; color: #555555; line-height: 1.6;\"><p style=\"margin: 0;\">S\u00ec, l&#8217;iscrizione per partecipare a qualsiasi showcooking \u00e8 obbligatoria: <span style=\"text-decoration: underline;\"><strong>non \u00e8 possibile prenotare o disdire tramite telefono o altri metodi<\/strong><\/span> (messaggistica SMS, WhatsApp, ecc.), ma soltanto tramite la\u00a0<strong>piattaforma di prenotazione eventi di Astec Cucine Professionali (<span style=\"color: #000000;\"><a style=\"color: #ff6b00;\" href=\"https:\/\/www.eventbrite.it\/o\/astec-cucine-professionali-121592664024\" target=\"_blank\" rel=\"noopener\">clicca qui<\/a><\/span>)<\/strong>.<\/p><p style=\"margin: 0;\"><span style=\"text-decoration: underline;\"><strong>N.B. \u00e8 necessario effettuare un\u2019iscrizione per ogni singolo partecipante: un\u2019unica iscrizione non \u00e8 valida per pi\u00f9 persone<\/strong><\/span>. Questo ci permette di riservare a ciascun partecipante il proprio posto a sedere ed evitare problemi di disponibilit\u00e0 il giorno dell\u2019evento.<\/p><\/div><\/details>\t\t\t\t\t\t\t\t<\/div>\n\t\t\t\t<\/div>\n\t\t\t\t<div class=\"elementor-element elementor-element-1328158 elementor-widget elementor-widget-text-editor\" data-id=\"1328158\" data-element_type=\"widget\" data-widget_type=\"text-editor.default\">\n\t\t\t\t<div class=\"elementor-widget-container\">\n\t\t\t\t\t\t\t\t\t<details style=\"background-color: #f9f9f9; border: 1px solid #e0e0e0; border-radius: 8px; padding: 14px 18px; margin-bottom: 12px; font-family: system-ui, -apple-system, sans-serif;\"><summary style=\"font-weight: 600; font-size: 1.05rem; color: #2c3e50; cursor: pointer; user-select: none;\">A quali e quanti eventi posso iscrivermi?<\/summary><div style=\"margin-top: 10px; color: #555555; line-height: 1.6;\"><p style=\"margin: 0;\">Non c&#8217;\u00e8 un limite massimo al numero di eventi ai quali puoi iscriverti! In ogni caso, tutti gli eventi le cui iscrizioni sono state aperte vengono contrassegnati da una scritta evidenziata in verde, con la dicitura &#8220;<strong>ISCRIZIONI APERTE DAL &#8230;<\/strong>&#8220;. Se la scritta non \u00e8 presente, significa che le iscrizioni all&#8217;evento non sono ancora state programmate: <span style=\"text-decoration: underline;\"><strong>controlla periodicamente la pagina o seguici sui social per tutti gli aggiornamenti!<\/strong><\/span><\/p><\/div><\/details>\t\t\t\t\t\t\t\t<\/div>\n\t\t\t\t<\/div>\n\t\t\t\t<div class=\"elementor-element elementor-element-0bebddf elementor-widget elementor-widget-text-editor\" data-id=\"0bebddf\" data-element_type=\"widget\" data-widget_type=\"text-editor.default\">\n\t\t\t\t<div class=\"elementor-widget-container\">\n\t\t\t\t\t\t\t\t\t<details style=\"background-color: #f9f9f9; border: 1px solid #e0e0e0; border-radius: 8px; padding: 14px 18px; margin-bottom: 12px; font-family: system-ui, -apple-system, sans-serif;\"><summary style=\"font-weight: 600; font-size: 1.05rem; color: #2c3e50; cursor: pointer; user-select: none;\">Quante persone possono partecipare all&#8217;evento?<\/summary><div style=\"margin-top: 10px; color: #555555; line-height: 1.6;\"><p style=\"margin: 0;\"><span style=\"text-decoration: underline;\"><strong>Il limite di iscrizione \u00e8 di DUE PERSONE per ciascuna azienda\/attivit\u00e0 ed il totale dei partecipanti \u00e8 fissato a 20 nominativi totali per la sede di Borgo San Dalmazzo (CN) e 15 nominativi totali per la sede di Ch\u00e2tillon (AO)<\/strong><\/span> (salvo eccezioni che verranno eventualmente specificate a seconda dell&#8217;evento in questione): ognuna dovr\u00e0 compilare e completare singolarmente la propria iscrizione per ottenere il biglietto ed accedere all&#8217;evento.<\/p><p style=\"margin: 0;\">Durante la registrazione, ti verr\u00e0 sempre richiesta <span style=\"text-decoration: underline;\"><strong>la PARTITA IVA<\/strong><\/span> dell&#8217;azienda che rappresenti\/rappresentate, poich\u00e9 <span style=\"text-decoration: underline;\"><strong>gli eventi sono riservati ai professionisti del settore<\/strong><\/span>.<\/p><\/div><\/details>\t\t\t\t\t\t\t\t<\/div>\n\t\t\t\t<\/div>\n\t\t\t\t\t<\/div>\n\t\t\t\t<\/div>\n\t\t<div class=\"elementor-element elementor-element-88c8f1b e-flex e-con-boxed e-con e-parent\" data-id=\"88c8f1b\" data-element_type=\"container\">\n\t\t\t\t\t<div class=\"e-con-inner\">\n\t\t<div class=\"elementor-element elementor-element-ce34dde e-con-full e-flex e-con e-child\" data-id=\"ce34dde\" data-element_type=\"container\">\n\t\t\t\t<div class=\"elementor-element elementor-element-bec1432 elementor-widget elementor-widget-text-editor\" data-id=\"bec1432\" data-element_type=\"widget\" data-widget_type=\"text-editor.default\">\n\t\t\t\t<div class=\"elementor-widget-container\">\n\t\t\t\t\t\t\t\t\t<p><span style=\"background-color: #103577; color: #ffffff; font-size: 1.4rem; font-weight: bold; letter-spacing: 2px; text-transform: uppercase; padding: 4px 16px; border-radius: 4px; margin-bottom: 6px;\">SETTEMBRE<\/span><\/p>\t\t\t\t\t\t\t\t<\/div>\n\t\t\t\t<\/div>\n\t\t\t\t<\/div>\n\t\t<div class=\"elementor-element elementor-element-b0b2351 e-grid e-con-full e-con e-child\" data-id=\"b0b2351\" data-element_type=\"container\">\n\t\t\t\t<div class=\"elementor-element elementor-element-6b75919 elementor-widget elementor-widget-text-editor\" data-id=\"6b75919\" data-element_type=\"widget\" data-widget_type=\"text-editor.default\">\n\t\t\t\t<div class=\"elementor-widget-container\">\n\t\t\t\t\t\t\t\t\t<div style=\"font-family: inherit; width: 100%; box-sizing: border-box;\"><p><!-- Contenitore superiore: Testo a sinistra, Foto a destra --><\/p><div style=\"display: flex; flex-wrap: wrap; justify-content: center; align-items: start; gap: 16px; margin-bottom: 20px;\"><p><!-- Testo principale --><\/p><div style=\"flex: 1;\"><p><!-- Blocco Data Calendario --><\/p><div style=\"display: flex; align-items: center; gap: 12px; margin-bottom: 16px;\"><span style=\"background-color: #ff6b00; color: #ffffff; font-size: 2.2rem; font-weight: 800; line-height: 1; padding: 8px 14px; border-radius: 8px; display: inline-block; white-space: nowrap;\">10<\/span><br \/><span style=\"font-size: 1.1rem; font-weight: 600; color: #333333; display: inline-block; white-space: nowrap;\">09\/2026<\/span><\/div><p><!-- Titolo Evento --><\/p><h3 class=\"cvGsUA block-font-kerning-none block-font-feature-liga-off block-font-feature-clig-off block-font-feature-calt-off direction-ltr align-start para-style-body\" style=\"margin: 0 0 8px 0 !important; line-height: 1.2;\"><strong><span class=\"a_GcMg font-feature-liga-off font-feature-clig-off font-feature-calt-off text-decoration-none text-strikethrough-none\">Il mondo della Carne<\/span><\/strong><\/h3><p><!-- Descrizione --><\/p><p class=\"cvGsUA block-font-kerning-none block-font-feature-liga-off block-font-feature-clig-off block-font-feature-calt-off direction-ltr align-start para-style-body\" style=\"margin: 0 0 16px 0 !important; line-height: 1.4; color: #666666;\"><span class=\"a_GcMg font-feature-liga-off font-feature-clig-off font-feature-calt-off text-decoration-none text-strikethrough-none\">Tecniche di cottura e metodi di conservazione \u2013 <em>con chef <\/em><strong>Fulvio Marengo<\/strong><\/span><\/p><\/div><p><!-- Foto in alto a destra (Sostituisci il valore di src con l'URL dai Media di WordPress) --><\/p><div style=\"flex-shrink: 0;\"><img decoding=\"async\" style=\"width: 130px; height: 130px; border-radius: 50%; object-fit: cover; display: block;\" src=\"https:\/\/www.asteccucineprofessionali.com\/wp-content\/uploads\/2026\/08\/cottura-carne.png\" alt=\"Il mondo della carne\" \/><\/div><\/div><p><!-- Riga 1: Sede e Orario (Spaziatura originale: margin-bottom: 10px) --><\/p><div style=\"display: flex; flex-wrap: wrap; align-items: center; gap: 8px; margin-bottom: 10px;\"><p><!-- Sede --><\/p><div style=\"background-color: #2b2b2b; color: #ffffff; font-size: 0.85rem; font-weight: bold; letter-spacing: 0.5px; text-transform: uppercase; padding: 6px 12px; border-radius: 4px; white-space: nowrap; line-height: 1; display: inline-flex; align-items: center;\">CH\u00c2TILLON (AO)<\/div><p><!-- Orario --><\/p><div style=\"background-color: #ff6b00; color: #ffffff; font-size: 0.85rem; font-weight: bold; letter-spacing: 0.5px; text-transform: uppercase; padding: 6px 12px; border-radius: 4px; white-space: nowrap; line-height: 1; display: inline-flex; align-items: center;\">15:00 &#8211; 18:00<\/div><\/div><p><!-- Riga 2: Iscrizioni (Sinistra) e Prenota Ora (Destra) --><\/p><div style=\"display: flex; justify-content: space-between; align-items: center; gap: 8px; flex-wrap: wrap;\"><p><!-- Iscrizioni Aperte --><\/p><div style=\"background-color: #24a148; color: #ffffff; font-size: 0.85rem; font-weight: bold; letter-spacing: 0.5px; text-transform: uppercase; padding: 6px 12px; border-radius: 4px; white-space: nowrap; line-height: 1; display: inline-flex; align-items: center;\">ISCRIZIONI APERTE DAL 25\/08\/2026<\/div><p><!-- Prenota Ora --><br \/><a style=\"background-color: #0d3b7a; color: #ffffff; font-size: 0.85rem; font-weight: bold; letter-spacing: 0.5px; text-transform: uppercase; padding: 6px 12px; border-radius: 4px; white-space: nowrap; line-height: 1; display: inline-flex; align-items: center; gap: 6px; text-decoration: none;\" href=\"https:\/\/www.eventbrite.it\/e\/1996817765690?aff=oddtdtcreator\" target=\"_blank\" rel=\"noopener noreferrer\"><br \/>PRENOTA QUI \u2197<br \/><\/a><\/p><\/div><\/div>\t\t\t\t\t\t\t\t<\/div>\n\t\t\t\t<\/div>\n\t\t\t\t<div class=\"elementor-element elementor-element-467b720 elementor-widget elementor-widget-text-editor\" data-id=\"467b720\" data-element_type=\"widget\" data-widget_type=\"text-editor.default\">\n\t\t\t\t<div class=\"elementor-widget-container\">\n\t\t\t\t\t\t\t\t\t<div style=\"font-family: inherit; width: 100%; box-sizing: border-box;\">\n\n<!-- Contenitore superiore: Testo a sinistra, Foto a destra -->\n<div style=\"display: flex; flex-wrap: wrap; justify-content: center; align-items: start; gap: 16px; margin-bottom: 20px;\">\n\n<!-- Testo principale -->\n<div style=\"flex: 1;\">\n\n<!-- Blocco Data Calendario -->\n<div style=\"display: flex; align-items: center; gap: 12px; margin-bottom: 16px;\"><span style=\"background-color: #ff6b00; color: #ffffff; font-size: 2.2rem; font-weight: 800; line-height: 1; padding: 8px 14px; border-radius: 8px; display: inline-block; white-space: nowrap;\">17<\/span>\n<span style=\"font-size: 1.1rem; font-weight: 600; color: #333333; display: inline-block; white-space: nowrap;\">09\/2026<\/span><\/div>\n<!-- Titolo Evento -->\n<h3 class=\"cvGsUA block-font-kerning-none block-font-feature-liga-off block-font-feature-clig-off block-font-feature-calt-off direction-ltr align-start para-style-body\" style=\"margin: 0 0 8px 0 !important; line-height: 1.2;\"><strong><span class=\"a_GcMg font-feature-liga-off font-feature-clig-off font-feature-calt-off text-decoration-none text-strikethrough-none\">Il mondo della Carne<\/span><\/strong><\/h3>\n<!-- Descrizione -->\n<p class=\"cvGsUA block-font-kerning-none block-font-feature-liga-off block-font-feature-clig-off block-font-feature-calt-off direction-ltr align-start para-style-body\" style=\"margin: 0 0 16px 0 !important; line-height: 1.4; color: #666666;\"><span class=\"a_GcMg font-feature-liga-off font-feature-clig-off font-feature-calt-off text-decoration-none text-strikethrough-none\">Tecniche di cottura e metodi di conservazione \u2013 <em>con chef <\/em><strong>Fulvio Marengo<\/strong><\/span><\/p>\n\n<\/div>\n<!-- Foto in alto a destra (Sostituisci il valore di src con l'URL dai Media di WordPress) -->\n<div style=\"flex-shrink: 0;\"><img decoding=\"async\" style=\"width: 130px; height: 130px; border-radius: 50%; object-fit: cover; display: block;\" src=\"https:\/\/www.asteccucineprofessionali.com\/wp-content\/uploads\/2026\/08\/cottura-carne.png\" alt=\"Il mondo della carne\" \/><\/div>\n<\/div>\n<!-- Riga 1: Sede e Orario -->\n<div style=\"display: flex; flex-wrap: wrap; align-items: center; gap: 8px; margin-bottom: 10px;\">\n\n<!-- Sede -->\n<div style=\"background-color: #2b2b2b; color: #ffffff; font-size: 0.85rem; font-weight: bold; letter-spacing: 0.5px; text-transform: uppercase; padding: 6px 12px; border-radius: 4px; white-space: nowrap; line-height: 1; display: inline-flex; align-items: center;\">BORGO S. D. (CN)<\/div>\n<!-- Orario -->\n<div style=\"background-color: #ff6b00; color: #ffffff; font-size: 0.85rem; font-weight: bold; letter-spacing: 0.5px; text-transform: uppercase; padding: 6px 12px; border-radius: 4px; white-space: nowrap; line-height: 1; display: inline-flex; align-items: center;\">15:00 &#8211; 18:00<\/div>\n<\/div>\n<!-- Riga 2: Iscrizioni (Sinistra) e Prenota Ora (Destra) -->\n<div style=\"display: flex; justify-content: space-between; align-items: center; gap: 8px; flex-wrap: wrap;\">\n\n<!-- Iscrizioni Aperte -->\n<div style=\"background-color: #24a148; color: #ffffff; font-size: 0.85rem; font-weight: bold; letter-spacing: 0.5px; text-transform: uppercase; padding: 6px 12px; border-radius: 4px; white-space: nowrap; line-height: 1; display: inline-flex; align-items: center;\">ISCRIZIONI APERTE DAL 25\/08\/2026<\/div>\n<!-- Prenota Ora -->\n<a style=\"background-color: #0d3b7a; color: #ffffff; font-size: 0.85rem; font-weight: bold; letter-spacing: 0.5px; text-transform: uppercase; padding: 6px 12px; border-radius: 4px; white-space: nowrap; line-height: 1; display: inline-flex; align-items: center; gap: 6px; text-decoration: none;\" href=\"https:\/\/www.eventbrite.it\/e\/1996455745879?aff=oddtdtcreator\" target=\"_blank\" rel=\"noopener noreferrer\">\nPRENOTA QUI \u2197\n<\/a>\n\n<\/div>\n<\/div>\t\t\t\t\t\t\t\t<\/div>\n\t\t\t\t<\/div>\n\t\t\t\t<\/div>\n\t\t\t\t\t<\/div>\n\t\t\t\t<\/div>\n\t\t<div class=\"elementor-element elementor-element-8eeb5a3 e-flex e-con-boxed e-con e-parent\" data-id=\"8eeb5a3\" data-element_type=\"container\" data-settings=\"{&quot;background_background&quot;:&quot;classic&quot;}\">\n\t\t\t\t\t<div class=\"e-con-inner\">\n\t\t<div class=\"elementor-element elementor-element-6a0db8f e-con-full e-flex e-con e-child\" data-id=\"6a0db8f\" data-element_type=\"container\">\n\t\t\t\t<div class=\"elementor-element elementor-element-ee89230 elementor-widget elementor-widget-text-editor\" data-id=\"ee89230\" data-element_type=\"widget\" data-widget_type=\"text-editor.default\">\n\t\t\t\t<div class=\"elementor-widget-container\">\n\t\t\t\t\t\t\t\t\t<span style=\"background-color: #103577; color: #ffffff; font-size: 1.4rem; font-weight: bold; letter-spacing: 2px; text-transform: uppercase; padding: 4px 16px; border-radius: 4px; margin-bottom: 6px;\">OTTOBRE<\/span>\t\t\t\t\t\t\t\t<\/div>\n\t\t\t\t<\/div>\n\t\t\t\t<div class=\"elementor-element elementor-element-93adc5b elementor-widget elementor-widget-text-editor\" data-id=\"93adc5b\" data-element_type=\"widget\" data-widget_type=\"text-editor.default\">\n\t\t\t\t<div class=\"elementor-widget-container\">\n\t\t\t\t\t\t\t\t\t<span style=\"display: inline-block; background-color: #909290; color: #ffffff; font-size: 0.9rem; font-weight: bold; letter-spacing: 1px; text-transform: uppercase; padding: 6px 12px; border-radius: 4px; margin-bottom: 6px; text-align: center; line-height: 1.4;\">ISCRIZIONI IN APERTURA A FINE SETTEMBRE<\/span>\t\t\t\t\t\t\t\t<\/div>\n\t\t\t\t<\/div>\n\t\t\t\t<\/div>\n\t\t<div class=\"elementor-element elementor-element-0c05a19 e-grid e-con-full e-con e-child\" data-id=\"0c05a19\" data-element_type=\"container\">\n\t\t\t\t<div class=\"elementor-element elementor-element-7a56ded elementor-widget elementor-widget-text-editor\" data-id=\"7a56ded\" data-element_type=\"widget\" data-widget_type=\"text-editor.default\">\n\t\t\t\t<div class=\"elementor-widget-container\">\n\t\t\t\t\t\t\t\t\t<div style=\"font-family: inherit; width: 100%; box-sizing: border-box;\">\n\n<!-- Contenitore superiore: Testo a sinistra, Foto a destra -->\n<div style=\"display: flex; flex-wrap: wrap; justify-content: center; align-items: start; gap: 16px; margin-bottom: 20px;\">\n\n<!-- Testo principale -->\n<div style=\"flex: 1;\">\n\n<!-- Blocco Data Calendario -->\n<div style=\"display: inline-flex; align-items: center; gap: 10px; margin-bottom: 12px; font-family: sans-serif;\"><!-- Solo il giorno con sfondo arancione -->\n<span style=\"background-color: #ff6b00; color: #ffffff; font-size: 2.2rem; font-weight: 800; line-height: 1; padding: 6px 14px; border-radius: 8px;\">06<\/span>\n<!-- Mese e anno senza sfondo -->\n<span style=\"font-size: 1.1rem; font-weight: 600; color: #333333;\">10\/2026<\/span><\/div>\n<!-- Titolo Evento -->\n<h3 class=\"cvGsUA block-font-kerning-none block-font-feature-liga-off block-font-feature-clig-off block-font-feature-calt-off direction-ltr align-start para-style-body\" style=\"margin: 0 0 8px 0 !important; line-height: 1.2;\"><strong><span class=\"a_GcMg font-feature-liga-off font-feature-clig-off font-feature-calt-off text-decoration-none text-strikethrough-none\">Pacojet: il vostro alleato in cucina<\/span><\/strong><\/h3>\n<!-- Descrizione -->\n<p class=\"cvGsUA block-font-kerning-none block-font-feature-liga-off block-font-feature-clig-off block-font-feature-calt-off direction-ltr align-start para-style-body\" style=\"margin: 0 0 16px 0 !important; line-height: 1.4; color: #666666;\"><span class=\"a_GcMg font-feature-liga-off font-feature-clig-off font-feature-calt-off text-decoration-none text-strikethrough-none\"><em> \u2013 in collaborazione con lo <\/em><strong>chef Sirman Marco Salin<\/strong><\/span><\/p>\n\n<\/div>\n<!-- Foto in alto a destra (Sostituisci il valore di src con l'URL dai Media di WordPress) -->\n<div style=\"flex-shrink: 0;\"><img decoding=\"async\" style=\"width: 130px; height: 130px; border-radius: 50%; object-fit: cover; display: block;\" src=\"https:\/\/www.asteccucineprofessionali.com\/wp-content\/uploads\/2026\/08\/pacojet.png\" alt=\"Pacojet evento\" \/><\/div>\n<\/div>\n<!-- Badge Sede -->\n<div style=\"margin-bottom: 10px;\"><span style=\"background-color: #333333; color: #ffffff; font-size: 1rem; font-weight: bold; letter-spacing: 2px; text-transform: uppercase; padding: 4px 16px; border-radius: 4px; display: inline-block;\">CH\u00c2TILLON (AO)<\/span><\/div>\n<\/div>\t\t\t\t\t\t\t\t<\/div>\n\t\t\t\t<\/div>\n\t\t\t\t<div class=\"elementor-element elementor-element-9c472a8 elementor-widget elementor-widget-text-editor\" data-id=\"9c472a8\" data-element_type=\"widget\" data-widget_type=\"text-editor.default\">\n\t\t\t\t<div class=\"elementor-widget-container\">\n\t\t\t\t\t\t\t\t\t<div style=\"font-family: inherit; width: 100%; box-sizing: border-box;\">\n\n<!-- Contenitore superiore: Testo a sinistra, Foto a destra -->\n<div style=\"display: flex; flex-wrap: wrap; justify-content: center; align-items: start; gap: 16px; margin-bottom: 20px;\">\n\n<!-- Testo principale -->\n<div style=\"flex: 1;\">\n\n<!-- Blocco Data Calendario -->\n<div style=\"display: inline-flex; align-items: center; gap: 10px; margin-bottom: 12px; font-family: sans-serif;\"><!-- Solo il giorno con sfondo arancione -->\n<span style=\"background-color: #ff6b00; color: #ffffff; font-size: 2.2rem; font-weight: 800; line-height: 1; padding: 6px 14px; border-radius: 8px;\">12<\/span>\n<!-- Mese e anno senza sfondo -->\n<span style=\"font-size: 1.1rem; font-weight: 600; color: #333333;\">10\/2026<\/span><\/div>\n<!-- Titolo Evento -->\n<h3 class=\"cvGsUA block-font-kerning-none block-font-feature-liga-off block-font-feature-clig-off block-font-feature-calt-off direction-ltr align-start para-style-body\" style=\"margin: 0 0 8px 0 !important; line-height: 1.2;\"><strong><span class=\"a_GcMg font-feature-liga-off font-feature-clig-off font-feature-calt-off text-decoration-none text-strikethrough-none\">Corso &#8220;No Waste&#8221;: zero sprechi in cucina<\/span><\/strong><\/h3>\n<!-- Descrizione -->\n<p class=\"cvGsUA block-font-kerning-none block-font-feature-liga-off block-font-feature-clig-off block-font-feature-calt-off direction-ltr align-start para-style-body\" style=\"margin: 0 0 16px 0 !important; line-height: 1.4; color: #666666;\"><span class=\"a_GcMg font-feature-liga-off font-feature-clig-off font-feature-calt-off text-decoration-none text-strikethrough-none\"> \u2013 <em>in collaborazione con la special guest e <\/em><strong>cuoca contadina di Campagna Amica Stefania Grandinetti<\/strong><\/span><\/p>\n\n<\/div>\n<!-- Foto in alto a destra (Sostituisci il valore di src con l'URL dai Media di WordPress) -->\n<div style=\"flex-shrink: 0;\"><img decoding=\"async\" style=\"width: 130px; height: 130px; border-radius: 50%; object-fit: cover; display: block;\" src=\"https:\/\/www.asteccucineprofessionali.com\/wp-content\/uploads\/2026\/08\/ristorazione-contemporanea-porzioni.png\" alt=\"Ristorazione contemporanea\" \/><\/div>\n<\/div>\n<!-- Badge Sede -->\n<div style=\"margin-bottom: 10px;\"><span style=\"background-color: #333333; color: #ffffff; font-size: 1rem; font-weight: bold; letter-spacing: 2px; text-transform: uppercase; padding: 4px 16px; border-radius: 4px; display: inline-block;\">Borgo S. D. (CN)<\/span><\/div>\n<\/div>\t\t\t\t\t\t\t\t<\/div>\n\t\t\t\t<\/div>\n\t\t\t\t<div class=\"elementor-element elementor-element-86362f8 elementor-widget elementor-widget-text-editor\" data-id=\"86362f8\" data-element_type=\"widget\" data-widget_type=\"text-editor.default\">\n\t\t\t\t<div class=\"elementor-widget-container\">\n\t\t\t\t\t\t\t\t\t<div style=\"font-family: inherit; width: 100%; box-sizing: border-box;\">\n\n<!-- Contenitore superiore: Testo a sinistra, Foto a destra -->\n<div style=\"display: flex; flex-wrap: wrap; justify-content: center; align-items: start; gap: 16px; margin-bottom: 20px;\">\n\n<!-- Testo principale -->\n<div style=\"flex: 1;\">\n\n<!-- Blocco Data Calendario -->\n<div style=\"display: inline-flex; align-items: center; gap: 10px; margin-bottom: 12px; font-family: sans-serif;\"><!-- Solo il giorno con sfondo arancione -->\n<span style=\"background-color: #ff6b00; color: #ffffff; font-size: 2.2rem; font-weight: 800; line-height: 1; padding: 6px 14px; border-radius: 8px;\">19<\/span>\n<!-- Mese e anno senza sfondo -->\n<span style=\"font-size: 1.1rem; font-weight: 600; color: #333333;\">10\/2026<\/span><\/div>\n<!-- Titolo Evento -->\n<h3 class=\"cvGsUA block-font-kerning-none block-font-feature-liga-off block-font-feature-clig-off block-font-feature-calt-off direction-ltr align-start para-style-body\" style=\"margin: 0 0 8px 0 !important; line-height: 1.2;\"><strong><span class=\"a_GcMg font-feature-liga-off font-feature-clig-off font-feature-calt-off text-decoration-none text-strikethrough-none\">Moretti Xperience<\/span><\/strong><\/h3>\n<!-- Descrizione -->\n<p class=\"cvGsUA block-font-kerning-none block-font-feature-liga-off block-font-feature-clig-off block-font-feature-calt-off direction-ltr align-start para-style-body\" style=\"margin: 0 0 16px 0 !important; line-height: 1.4; color: #666666;\"><span class=\"a_GcMg font-feature-liga-off font-feature-clig-off font-feature-calt-off text-decoration-none text-strikethrough-none\">Workshop sull\u2019eccellenza italiana: la pizza<em> \u2013 in collaborazione con <\/em><strong>Moretti Lab<\/strong><\/span><\/p>\n\n<\/div>\n<!-- Foto in alto a destra (Sostituisci il valore di src con l'URL dai Media di WordPress) -->\n<div style=\"flex-shrink: 0;\"><img decoding=\"async\" style=\"width: 130px; height: 130px; border-radius: 50%; object-fit: cover; display: block;\" src=\"https:\/\/www.asteccucineprofessionali.com\/wp-content\/uploads\/2026\/08\/pizza.png\" alt=\"Moretti Xperience\" \/><\/div>\n<\/div>\n<!-- Badge Sede -->\n<div style=\"margin-bottom: 10px;\"><span style=\"background-color: #333333; color: #ffffff; font-size: 1rem; font-weight: bold; letter-spacing: 2px; text-transform: uppercase; padding: 4px 16px; border-radius: 4px; display: inline-block;\">CH\u00c2TILLON (AO)<\/span><\/div>\n<\/div>\t\t\t\t\t\t\t\t<\/div>\n\t\t\t\t<\/div>\n\t\t\t\t<\/div>\n\t\t\t\t\t<\/div>\n\t\t\t\t<\/div>\n\t\t<div class=\"elementor-element elementor-element-34f0aa0 e-flex e-con-boxed e-con e-parent\" data-id=\"34f0aa0\" data-element_type=\"container\" data-settings=\"{&quot;background_background&quot;:&quot;classic&quot;}\">\n\t\t\t\t\t<div class=\"e-con-inner\">\n\t\t<div class=\"elementor-element elementor-element-602cf90 e-con-full e-flex e-con e-child\" data-id=\"602cf90\" data-element_type=\"container\">\n\t\t\t\t<div class=\"elementor-element elementor-element-277fdcf elementor-widget elementor-widget-text-editor\" data-id=\"277fdcf\" data-element_type=\"widget\" data-widget_type=\"text-editor.default\">\n\t\t\t\t<div class=\"elementor-widget-container\">\n\t\t\t\t\t\t\t\t\t<span style=\"background-color: #103577; color: #ffffff; font-size: 1.4rem; font-weight: bold; letter-spacing: 2px; text-transform: uppercase; padding: 4px 16px; border-radius: 4px; margin-bottom: 6px;\">NOVEMBRE<\/span>\t\t\t\t\t\t\t\t<\/div>\n\t\t\t\t<\/div>\n\t\t\t\t<div class=\"elementor-element elementor-element-956e4ef elementor-widget elementor-widget-text-editor\" data-id=\"956e4ef\" data-element_type=\"widget\" data-widget_type=\"text-editor.default\">\n\t\t\t\t<div class=\"elementor-widget-container\">\n\t\t\t\t\t\t\t\t\t<span style=\"display: inline-block; background-color: #909290; color: #ffffff; font-size: 0.9rem; font-weight: bold; letter-spacing: 1px; text-transform: uppercase; padding: 6px 12px; border-radius: 4px; margin-bottom: 6px; text-align: center; line-height: 1.4;\">ISCRIZIONI IN APERTURA A FINE OTTOBRE<\/span>\t\t\t\t\t\t\t\t<\/div>\n\t\t\t\t<\/div>\n\t\t\t\t<\/div>\n\t\t<div class=\"elementor-element elementor-element-7099f3d e-grid e-con-full e-con e-child\" data-id=\"7099f3d\" data-element_type=\"container\">\n\t\t\t\t<div class=\"elementor-element elementor-element-81d21e1 elementor-widget elementor-widget-text-editor\" data-id=\"81d21e1\" data-element_type=\"widget\" data-widget_type=\"text-editor.default\">\n\t\t\t\t<div class=\"elementor-widget-container\">\n\t\t\t\t\t\t\t\t\t<div style=\"font-family: inherit; width: 100%; box-sizing: border-box;\">\n\n<!-- Contenitore superiore: Testo a sinistra, Foto a destra -->\n<div style=\"display: flex; flex-wrap: wrap; justify-content: center; align-items: start; gap: 16px; margin-bottom: 20px;\">\n\n<!-- Testo principale -->\n<div style=\"flex: 1;\">\n\n<!-- Blocco Data Calendario -->\n<div style=\"display: inline-flex; align-items: center; gap: 10px; margin-bottom: 12px; font-family: sans-serif;\"><!-- Solo il giorno con sfondo arancione -->\n<span style=\"background-color: #ff6b00; color: #ffffff; font-size: 2.2rem; font-weight: 800; line-height: 1; padding: 6px 14px; border-radius: 8px;\">04<\/span>\n<!-- Mese e anno senza sfondo -->\n<span style=\"font-size: 1.1rem; font-weight: 600; color: #333333;\">11\/2026<\/span><\/div>\n<!-- Titolo Evento -->\n<h3 class=\"cvGsUA block-font-kerning-none block-font-feature-liga-off block-font-feature-clig-off block-font-feature-calt-off direction-ltr align-start para-style-body\" style=\"margin: 0 0 8px 0 !important; line-height: 1.2;\"><strong><span class=\"a_GcMg font-feature-liga-off font-feature-clig-off font-feature-calt-off text-decoration-none text-strikethrough-none\">&#8220;Under Pressure&#8221;: tecniche di cottura sottovuoto<\/span><\/strong><\/h3>\n<!-- Descrizione -->\n<p class=\"cvGsUA block-font-kerning-none block-font-feature-liga-off block-font-feature-clig-off block-font-feature-calt-off direction-ltr align-start para-style-body\" style=\"margin: 0 0 16px 0 !important; line-height: 1.4; color: #666666;\"><span class=\"a_GcMg font-feature-liga-off font-feature-clig-off font-feature-calt-off text-decoration-none text-strikethrough-none\"> \u2013 <em>con <\/em><strong>chef Fulvio Marengo<\/strong><\/span><\/p>\n\n<\/div>\n<!-- Foto in alto a destra (Sostituisci il valore di src con l'URL dai Media di WordPress) -->\n<div style=\"flex-shrink: 0;\"><img decoding=\"async\" style=\"width: 130px; height: 130px; border-radius: 50%; object-fit: cover; display: block;\" src=\"https:\/\/www.asteccucineprofessionali.com\/wp-content\/uploads\/2026\/08\/sottovuoto-carne.png\" alt=\"Cottura sottovuoto\" \/><\/div>\n<\/div>\n<!-- Badge Sede -->\n<div style=\"margin-bottom: 10px;\"><span style=\"background-color: #333333; color: #ffffff; font-size: 1rem; font-weight: bold; letter-spacing: 2px; text-transform: uppercase; padding: 4px 16px; border-radius: 4px; display: inline-block;\">CH\u00c2TILLON (AO)<\/span><\/div>\n<\/div>\t\t\t\t\t\t\t\t<\/div>\n\t\t\t\t<\/div>\n\t\t\t\t<div class=\"elementor-element elementor-element-c8093a2 elementor-widget elementor-widget-text-editor\" data-id=\"c8093a2\" data-element_type=\"widget\" data-widget_type=\"text-editor.default\">\n\t\t\t\t<div class=\"elementor-widget-container\">\n\t\t\t\t\t\t\t\t\t<div style=\"font-family: inherit; width: 100%; box-sizing: border-box;\">\n\n<!-- Contenitore superiore: Testo a sinistra, Foto a destra -->\n<div style=\"display: flex; flex-wrap: wrap; justify-content: center; align-items: start; gap: 16px; margin-bottom: 20px;\">\n\n<!-- Testo principale -->\n<div style=\"flex: 1;\">\n\n<!-- Blocco Data Calendario -->\n<div style=\"display: inline-flex; align-items: center; gap: 10px; margin-bottom: 12px; font-family: sans-serif;\"><!-- Solo il giorno con sfondo arancione -->\n<span style=\"background-color: #ff6b00; color: #ffffff; font-size: 2.2rem; font-weight: 800; line-height: 1; padding: 6px 14px; border-radius: 8px;\">09<\/span>\n<!-- Mese e anno senza sfondo -->\n<span style=\"font-size: 1.1rem; font-weight: 600; color: #333333;\">11\/2026<\/span><\/div>\n<!-- Titolo Evento -->\n<h3 class=\"cvGsUA block-font-kerning-none block-font-feature-liga-off block-font-feature-clig-off block-font-feature-calt-off direction-ltr align-start para-style-body\" style=\"margin: 0 0 8px 0 !important; line-height: 1.2;\"><strong><span class=\"a_GcMg font-feature-liga-off font-feature-clig-off font-feature-calt-off text-decoration-none text-strikethrough-none\">&#8220;Under Pressure&#8221;: tecniche di cottura sottovuoto<\/span><\/strong><\/h3>\n<!-- Descrizione -->\n<p class=\"cvGsUA block-font-kerning-none block-font-feature-liga-off block-font-feature-clig-off block-font-feature-calt-off direction-ltr align-start para-style-body\" style=\"margin: 0 0 16px 0 !important; line-height: 1.4; color: #666666;\"><span class=\"a_GcMg font-feature-liga-off font-feature-clig-off font-feature-calt-off text-decoration-none text-strikethrough-none\"> \u2013 <em>con <\/em><strong>chef Fulvio Marengo<\/strong><\/span><\/p>\n\n<\/div>\n<!-- Foto in alto a destra (Sostituisci il valore di src con l'URL dai Media di WordPress) -->\n<div style=\"flex-shrink: 0;\"><img decoding=\"async\" style=\"width: 130px; height: 130px; border-radius: 50%; object-fit: cover; display: block;\" src=\"https:\/\/www.asteccucineprofessionali.com\/wp-content\/uploads\/2026\/08\/sottovuoto-salmone.png\" alt=\"Cottura sottovuoto\" \/><\/div>\n<\/div>\n<!-- Badge Sede -->\n<div style=\"margin-bottom: 10px;\"><span style=\"background-color: #333333; color: #ffffff; font-size: 1rem; font-weight: bold; letter-spacing: 2px; text-transform: uppercase; padding: 4px 16px; border-radius: 4px; display: inline-block;\">BORGO S. D. (Cn)<\/span><\/div>\n<\/div>\t\t\t\t\t\t\t\t<\/div>\n\t\t\t\t<\/div>\n\t\t\t\t<div class=\"elementor-element elementor-element-a9f2fc5 elementor-widget elementor-widget-text-editor\" data-id=\"a9f2fc5\" data-element_type=\"widget\" data-widget_type=\"text-editor.default\">\n\t\t\t\t<div class=\"elementor-widget-container\">\n\t\t\t\t\t\t\t\t\t<div style=\"font-family: inherit; width: 100%; box-sizing: border-box;\">\n\n<!-- Contenitore superiore: Testo a sinistra, Foto a destra -->\n<div style=\"display: flex; flex-wrap: wrap; justify-content: flex-start; align-items: flex-start; gap: 16px; margin-bottom: 20px;\">\n\n<!-- Testo principale -->\n<div style=\"flex: 1; text-align: left;\">\n\n<!-- Blocco Data Calendario -->\n<div style=\"display: inline-flex; align-items: center; gap: 10px; margin-bottom: 12px; font-family: sans-serif;\">\n<!-- Giorni con sfondo arancione -->\n<span style=\"background-color: #ff6b00; color: #ffffff; font-size: 2.2rem; font-weight: 800; line-height: 1; padding: 6px 14px; border-radius: 8px;\">16-17<\/span>\n<!-- Mese e anno -->\n<span style=\"font-size: 1.1rem; font-weight: 600; color: #333333;\">11\/2026<\/span>\n<\/div>\n\n<!-- Titolo Evento -->\n<h3 class=\"cvGsUA block-font-kerning-none block-font-feature-liga-off block-font-feature-clig-off block-font-feature-calt-off direction-ltr align-start para-style-body\" style=\"margin: 0 0 8px 0 !important; line-height: 1.2; text-align: left;\"><strong><span class=\"a_GcMg font-feature-liga-off font-feature-clig-off font-feature-calt-off text-decoration-none text-strikethrough-none\">Colazioni e piccoli lievitati nella ristorazione moderna<\/span><\/strong><\/h3>\n\n<!-- Orari e Programma -->\n<p class=\"cvGsUA block-font-kerning-none block-font-feature-liga-off block-font-feature-clig-off block-font-feature-calt-off direction-ltr align-start para-style-body\" style=\"margin: 0 0 4px 0 !important; line-height: 1.4; color: #666666; text-align: left;\"><span class=\"a_GcMg font-feature-liga-off font-feature-clig-off font-feature-calt-off text-decoration-none text-strikethrough-none\"><strong>16\/11\/2026:<\/strong> parte 1 (14:00 \u2013 17:00)<\/span><\/p>\n<p class=\"cvGsUA block-font-kerning-none block-font-feature-liga-off block-font-feature-clig-off block-font-feature-calt-off direction-ltr align-start para-style-body\" style=\"margin: 0 0 8px 0 !important; line-height: 1.4; color: #666666; text-align: left;\"><span class=\"a_GcMg font-feature-liga-off font-feature-clig-off font-feature-calt-off text-decoration-none text-strikethrough-none\"><strong>17\/11\/2026:<\/strong> parte 2 (10:00 \u2013 15:00)<\/span><\/p>\n\n<!-- Descrizione \/ Chef -->\n<p class=\"cvGsUA block-font-kerning-none block-font-feature-liga-off block-font-feature-clig-off block-font-feature-calt-off direction-ltr align-start para-style-body\" style=\"margin: 0 0 16px 0 !important; line-height: 1.4; color: #666666; text-align: left;\"><span class=\"a_GcMg font-feature-liga-off font-feature-clig-off font-feature-calt-off text-decoration-none text-strikethrough-none\"> \u2013 <em>con <\/em><strong>chef Alessandro Bresciani<\/strong><\/span><\/p>\n\n<\/div>\n\n<!-- Foto in alto a destra -->\n<div style=\"flex-shrink: 0;\"><img decoding=\"async\" style=\"width: 130px; height: 130px; border-radius: 50%; object-fit: cover; display: block;\" src=\"https:\/\/www.asteccucineprofessionali.com\/wp-content\/uploads\/2026\/08\/colazioni-piccoli-lievitati.png\" alt=\"Piccoli lievitati\" \/><\/div>\n<\/div>\n\n<!-- Badge Sede -->\n<div style=\"margin-bottom: 10px; text-align: left;\"><span style=\"background-color: #333333; color: #ffffff; font-size: 1rem; font-weight: bold; letter-spacing: 2px; text-transform: uppercase; padding: 4px 16px; border-radius: 4px; display: inline-block;\">CH\u00c2TILLON (AO)<\/span><\/div>\n<\/div>\t\t\t\t\t\t\t\t<\/div>\n\t\t\t\t<\/div>\n\t\t\t\t<div class=\"elementor-element elementor-element-3ed784d elementor-widget elementor-widget-text-editor\" data-id=\"3ed784d\" data-element_type=\"widget\" data-widget_type=\"text-editor.default\">\n\t\t\t\t<div class=\"elementor-widget-container\">\n\t\t\t\t\t\t\t\t\t<div style=\"font-family: inherit; width: 100%; box-sizing: border-box;\">\n\n<!-- Contenitore superiore: Testo a sinistra, Foto a destra -->\n<div style=\"display: flex; flex-wrap: wrap; justify-content: flex-start; align-items: flex-start; gap: 16px; margin-bottom: 20px;\">\n\n<!-- Testo principale -->\n<div style=\"flex: 1; text-align: left;\">\n\n<!-- Blocco Data Calendario -->\n<div style=\"display: inline-flex; align-items: center; gap: 10px; margin-bottom: 12px; font-family: sans-serif;\">\n<!-- Giorni con sfondo arancione -->\n<span style=\"background-color: #ff6b00; color: #ffffff; font-size: 2.2rem; font-weight: 800; line-height: 1; padding: 6px 14px; border-radius: 8px;\">23-24<\/span>\n<!-- Mese e anno -->\n<span style=\"font-size: 1.1rem; font-weight: 600; color: #333333;\">11\/2026<\/span>\n<\/div>\n\n<!-- Titolo Evento -->\n<h3 class=\"cvGsUA block-font-kerning-none block-font-feature-liga-off block-font-feature-clig-off block-font-feature-calt-off direction-ltr align-start para-style-body\" style=\"margin: 0 0 8px 0 !important; line-height: 1.2; text-align: left;\"><strong><span class=\"a_GcMg font-feature-liga-off font-feature-clig-off font-feature-calt-off text-decoration-none text-strikethrough-none\">Corso su panettone e grandi lievitati<\/span><\/strong><\/h3>\n\n<!-- Orari e Programma -->\n<p class=\"cvGsUA block-font-kerning-none block-font-feature-liga-off block-font-feature-clig-off block-font-feature-calt-off direction-ltr align-start para-style-body\" style=\"margin: 0 0 4px 0 !important; line-height: 1.4; color: #666666; text-align: left;\"><span class=\"a_GcMg font-feature-liga-off font-feature-clig-off font-feature-calt-off text-decoration-none text-strikethrough-none\"><strong>23\/11\/2026:<\/strong> parte 1 (14:00 \u2013 17:00)<\/span><\/p>\n<p class=\"cvGsUA block-font-kerning-none block-font-feature-liga-off block-font-feature-clig-off block-font-feature-calt-off direction-ltr align-start para-style-body\" style=\"margin: 0 0 8px 0 !important; line-height: 1.4; color: #666666; text-align: left;\"><span class=\"a_GcMg font-feature-liga-off font-feature-clig-off font-feature-calt-off text-decoration-none text-strikethrough-none\"><strong>24\/11\/2026:<\/strong> parte 2 (10:00 \u2013 15:00)<\/span><\/p>\n\n<!-- Descrizione \/ Chef -->\n<p class=\"cvGsUA block-font-kerning-none block-font-feature-liga-off block-font-feature-clig-off block-font-feature-calt-off direction-ltr align-start para-style-body\" style=\"margin: 0 0 16px 0 !important; line-height: 1.4; color: #666666; text-align: left;\"><span class=\"a_GcMg font-feature-liga-off font-feature-clig-off font-feature-calt-off text-decoration-none text-strikethrough-none\"> \u2013 <em>con <\/em><strong>chef Alessandro Bresciani<\/strong><\/span><\/p>\n\n<\/div>\n\n<!-- Foto in alto a destra -->\n<div style=\"flex-shrink: 0;\"><img decoding=\"async\" style=\"width: 130px; height: 130px; border-radius: 50%; object-fit: cover; display: block;\" src=\"https:\/\/www.asteccucineprofessionali.com\/wp-content\/uploads\/2026\/08\/panettone-grandi-lievitati.png\" alt=\"Panettone e grandi lievitati\" \/><\/div>\n<\/div>\n\n<!-- Badge Sede -->\n<div style=\"margin-bottom: 10px; text-align: left;\"><span style=\"background-color: #333333; color: #ffffff; font-size: 1rem; font-weight: bold; letter-spacing: 2px; text-transform: uppercase; padding: 4px 16px; border-radius: 4px; display: inline-block;\">BORGO S. D. (CN)<\/span><\/div>\n<\/div>\t\t\t\t\t\t\t\t<\/div>\n\t\t\t\t<\/div>\n\t\t\t\t<\/div>\n\t\t\t\t\t<\/div>\n\t\t\t\t<\/div>\n\t\t<div class=\"elementor-element elementor-element-6a000fc e-flex e-con-boxed e-con e-parent\" data-id=\"6a000fc\" data-element_type=\"container\">\n\t\t\t\t\t<div class=\"e-con-inner\">\n\t\t<div class=\"elementor-element elementor-element-5c17ffa e-con-full e-flex e-con e-child\" data-id=\"5c17ffa\" data-element_type=\"container\">\n\t\t\t\t<div class=\"elementor-element elementor-element-d861f47 elementor-widget elementor-widget-heading\" data-id=\"d861f47\" data-element_type=\"widget\" data-widget_type=\"heading.default\">\n\t\t\t\t<div class=\"elementor-widget-container\">\n\t\t\t\t\t<h3 class=\"elementor-heading-title elementor-size-default\">I nostri partner commerciali<\/h3>\t\t\t\t<\/div>\n\t\t\t\t<\/div>\n\t\t<div class=\"elementor-element elementor-element-492109d e-grid e-con-full e-con e-child\" data-id=\"492109d\" data-element_type=\"container\">\n\t\t\t\t<div class=\"elementor-element elementor-element-717d74f elementor-widget elementor-widget-image\" data-id=\"717d74f\" data-element_type=\"widget\" data-widget_type=\"image.default\">\n\t\t\t\t<div class=\"elementor-widget-container\">\n\t\t\t\t\t\t\t\t\t\t\t\t\t\t\t<img decoding=\"async\" width=\"213\" height=\"67\" src=\"https:\/\/www.asteccucineprofessionali.com\/wp-content\/uploads\/2026\/08\/logo-EPR.png\" class=\"attachment-large size-large wp-image-3059\" alt=\"\" \/>\t\t\t\t\t\t\t\t\t\t\t\t\t\t\t<\/div>\n\t\t\t\t<\/div>\n\t\t\t\t<div class=\"elementor-element elementor-element-11e1c94 elementor-widget elementor-widget-image\" data-id=\"11e1c94\" data-element_type=\"widget\" data-widget_type=\"image.default\">\n\t\t\t\t<div class=\"elementor-widget-container\">\n\t\t\t\t\t\t\t\t\t\t\t\t\t\t\t<img decoding=\"async\" width=\"211\" height=\"96\" src=\"https:\/\/www.asteccucineprofessionali.com\/wp-content\/uploads\/2026\/08\/logo-Sirman.png\" class=\"attachment-large size-large wp-image-3060\" alt=\"\" \/>\t\t\t\t\t\t\t\t\t\t\t\t\t\t\t<\/div>\n\t\t\t\t<\/div>\n\t\t\t\t<div class=\"elementor-element elementor-element-42a5bba elementor-widget elementor-widget-image\" data-id=\"42a5bba\" data-element_type=\"widget\" data-widget_type=\"image.default\">\n\t\t\t\t<div class=\"elementor-widget-container\">\n\t\t\t\t\t\t\t\t\t\t\t\t\t\t\t<img decoding=\"async\" width=\"277\" height=\"115\" src=\"https:\/\/www.asteccucineprofessionali.com\/wp-content\/uploads\/2026\/08\/logo-Moretti.png\" class=\"attachment-large size-large wp-image-3061\" alt=\"\" \/>\t\t\t\t\t\t\t\t\t\t\t\t\t\t\t<\/div>\n\t\t\t\t<\/div>\n\t\t\t\t<\/div>\n\t\t\t\t<\/div>\n\t\t\t\t\t<\/div>\n\t\t\t\t<\/div>\n\t\t<div class=\"elementor-element elementor-element-9644e98 e-flex e-con-boxed e-con e-parent\" data-id=\"9644e98\" data-element_type=\"container\">\n\t\t\t\t\t<div class=\"e-con-inner\">\n\t\t<div class=\"elementor-element elementor-element-73989cf e-con-full e-flex e-con e-child\" data-id=\"73989cf\" data-element_type=\"container\">\n\t\t\t\t<div class=\"elementor-element elementor-element-1aa4df8 elementor-widget elementor-widget-heading\" data-id=\"1aa4df8\" data-element_type=\"widget\" data-widget_type=\"heading.default\">\n\t\t\t\t<div class=\"elementor-widget-container\">\n\t\t\t\t\t<h3 class=\"elementor-heading-title elementor-size-default\">Il nostro partner tecnico<\/h3>\t\t\t\t<\/div>\n\t\t\t\t<\/div>\n\t\t<div class=\"elementor-element elementor-element-27ca21b e-grid e-con-full e-con e-child\" data-id=\"27ca21b\" data-element_type=\"container\">\n\t\t\t\t<div class=\"elementor-element elementor-element-d76d224 elementor-widget elementor-widget-image\" data-id=\"d76d224\" data-element_type=\"widget\" data-widget_type=\"image.default\">\n\t\t\t\t<div class=\"elementor-widget-container\">\n\t\t\t\t\t\t\t\t\t\t\t\t\t\t\t<img loading=\"lazy\" decoding=\"async\" width=\"800\" height=\"127\" src=\"https:\/\/www.asteccucineprofessionali.com\/wp-content\/uploads\/2026\/08\/logo-Visgel.png\" class=\"attachment-large size-large wp-image-3065\" alt=\"\" srcset=\"https:\/\/www.asteccucineprofessionali.com\/wp-content\/uploads\/2026\/08\/logo-Visgel.png 1024w, https:\/\/www.asteccucineprofessionali.com\/wp-content\/uploads\/2026\/08\/logo-Visgel-300x48.png 300w, https:\/\/www.asteccucineprofessionali.com\/wp-content\/uploads\/2026\/08\/logo-Visgel-768x122.png 768w\" sizes=\"(max-width: 800px) 100vw, 800px\" \/>\t\t\t\t\t\t\t\t\t\t\t\t\t\t\t<\/div>\n\t\t\t\t<\/div>\n\t\t\t\t<\/div>\n\t\t\t\t<\/div>\n\t\t\t\t\t<\/div>\n\t\t\t\t<\/div>\n\t\t<div class=\"elementor-element elementor-element-9329a77 e-flex e-con-boxed e-con e-parent\" data-id=\"9329a77\" data-element_type=\"container\">\n\t\t\t\t\t<div class=\"e-con-inner\">\n\t\t<div class=\"elementor-element elementor-element-176b60e e-con-full e-flex e-con e-child\" data-id=\"176b60e\" data-element_type=\"container\">\n\t\t\t\t<div class=\"elementor-element elementor-element-ca9bb7b elementor-widget elementor-widget-heading\" data-id=\"ca9bb7b\" data-element_type=\"widget\" data-widget_type=\"heading.default\">\n\t\t\t\t<div class=\"elementor-widget-container\">\n\t\t\t\t\t<h3 class=\"elementor-heading-title elementor-size-default\">Con la partecipazione di<\/h3>\t\t\t\t<\/div>\n\t\t\t\t<\/div>\n\t\t<div class=\"elementor-element elementor-element-2c71d00 e-grid e-con-full e-con e-child\" data-id=\"2c71d00\" data-element_type=\"container\">\n\t\t\t\t<div class=\"elementor-element elementor-element-403c300 elementor-widget elementor-widget-image\" data-id=\"403c300\" data-element_type=\"widget\" data-widget_type=\"image.default\">\n\t\t\t\t<div class=\"elementor-widget-container\">\n\t\t\t\t\t\t\t\t\t\t\t\t\t\t\t<img loading=\"lazy\" decoding=\"async\" width=\"800\" height=\"330\" src=\"https:\/\/www.asteccucineprofessionali.com\/wp-content\/uploads\/2026\/08\/320-x-132-logo-qrtonic-senza-sfondo-1024x422.png\" class=\"attachment-large size-large wp-image-3242\" alt=\"\" srcset=\"https:\/\/www.asteccucineprofessionali.com\/wp-content\/uploads\/2026\/08\/320-x-132-logo-qrtonic-senza-sfondo-1024x422.png 1024w, https:\/\/www.asteccucineprofessionali.com\/wp-content\/uploads\/2026\/08\/320-x-132-logo-qrtonic-senza-sfondo-300x124.png 300w, https:\/\/www.asteccucineprofessionali.com\/wp-content\/uploads\/2026\/08\/320-x-132-logo-qrtonic-senza-sfondo-768x317.png 768w, https:\/\/www.asteccucineprofessionali.com\/wp-content\/uploads\/2026\/08\/320-x-132-logo-qrtonic-senza-sfondo.png 1334w\" sizes=\"(max-width: 800px) 100vw, 800px\" \/>\t\t\t\t\t\t\t\t\t\t\t\t\t\t\t<\/div>\n\t\t\t\t<\/div>\n\t\t\t\t<\/div>\n\t\t\t\t<\/div>\n\t\t\t\t\t<\/div>\n\t\t\t\t<\/div>\n\t\t\t\t<\/div>\n\t\t","protected":false},"excerpt":{"rendered":"<p>SHOWCOOKING ASTEC CUCINE PROFESSIONALI Autunno 2026 LA PARTECIPAZIONE AGLI EVENTI \u00c8 GRATUITA L&#8217;iscrizione \u00e8 obbligatoria? S\u00ec, l&#8217;iscrizione per partecipare a qualsiasi showcooking \u00e8 obbligatoria: non \u00e8 possibile prenotare o disdire tramite telefono o altri metodi (messaggistica SMS, WhatsApp, ecc.), ma soltanto tramite la\u00a0piattaforma di prenotazione eventi di Astec Cucine Professionali (clicca qui). N.B. \u00e8 necessario [&hellip;]<\/p>\n","protected":false},"author":4,"featured_media":0,"parent":0,"menu_order":0,"comment_status":"closed","ping_status":"closed","template":"","meta":{"footnotes":""},"class_list":["post-2944","page","type-page","status-publish","hentry"],"_links":{"self":[{"href":"https:\/\/www.asteccucineprofessionali.com\/index.php\/wp-json\/wp\/v2\/pages\/2944","targetHints":{"allow":["GET"]}}],"collection":[{"href":"https:\/\/www.asteccucineprofessionali.com\/index.php\/wp-json\/wp\/v2\/pages"}],"about":[{"href":"https:\/\/www.asteccucineprofessionali.com\/index.php\/wp-json\/wp\/v2\/types\/page"}],"author":[{"embeddable":true,"href":"https:\/\/www.asteccucineprofessionali.com\/index.php\/wp-json\/wp\/v2\/users\/4"}],"replies":[{"embeddable":true,"href":"https:\/\/www.asteccucineprofessionali.com\/index.php\/wp-json\/wp\/v2\/comments?post=2944"}],"version-history":[{"count":310,"href":"https:\/\/www.asteccucineprofessionali.com\/index.php\/wp-json\/wp\/v2\/pages\/2944\/revisions"}],"predecessor-version":[{"id":3364,"href":"https:\/\/www.asteccucineprofessionali.com\/index.php\/wp-json\/wp\/v2\/pages\/2944\/revisions\/3364"}],"wp:attachment":[{"href":"https:\/\/www.asteccucineprofessionali.com\/index.php\/wp-json\/wp\/v2\/media?parent=2944"}],"curies":[{"name":"wp","href":"https:\/\/api.w.org\/{rel}","templated":true}]}}